{"id":3420,"date":"2019-02-18T15:53:06","date_gmt":"2019-02-18T14:53:06","guid":{"rendered":"https:\/\/grandsite-capserquyfrehel.com\/?page_id=3420"},"modified":"2019-02-18T15:54:10","modified_gmt":"2019-02-18T14:54:10","slug":"une-equipe-des-elus","status":"publish","type":"page","link":"https:\/\/grandsite-capserquyfrehel.com\/en\/grand-site-cap-derquy-cap-frehel\/une-equipe-des-elus\/","title":{"rendered":"The team, including locally elected officials"},"content":{"rendered":"<p style=\"text-align: justify;\">The \u201cSyndicat Mixte\u201d is chaired by Mr Yannick Morin, departmental adviser. A joint committee, composed of representatives of the Department and the two communities, is supported by another panel, including the four mayors of the \u201cGrand Site\u201d, i.e. Erquy, Plurien, Fr\u00e9hel, and Brady. The \u201cSyndicat Mixte\u201d is headed by Madame C\u00e9line Lelievre, who works with a team of 6 employees.<\/p>\n<figure id=\"attachment_1633\" aria-describedby=\"caption-attachment-1633\" style=\"width: 300px\" class=\"wp-caption alignleft\"><img loading=\"lazy\" decoding=\"async\" class=\"wp-image-1634 size-medium\" src=\"https:\/\/grandsite-capserquyfrehel.com\/wp-content\/uploads\/2018\/06\/MonsieurMORIN-300x225.jpg\" alt=\"\" width=\"300\" height=\"225\" srcset=\"https:\/\/grandsite-capserquyfrehel.com\/wp-content\/uploads\/2018\/06\/MonsieurMORIN-300x225.jpg 300w, https:\/\/grandsite-capserquyfrehel.com\/wp-content\/uploads\/2018\/06\/MonsieurMORIN-768x576.jpg 768w, https:\/\/grandsite-capserquyfrehel.com\/wp-content\/uploads\/2018\/06\/MonsieurMORIN-1024x768.jpg 1024w, https:\/\/grandsite-capserquyfrehel.com\/wp-content\/uploads\/2018\/06\/MonsieurMORIN-1320x990.jpg 1320w, https:\/\/grandsite-capserquyfrehel.com\/wp-content\/uploads\/2018\/06\/MonsieurMORIN.jpg 1920w\" sizes=\"auto, (max-width: 300px) 100vw, 300px\" \/><figcaption id=\"caption-attachment-1633\" class=\"wp-caption-text\">Monsieur MORIN, Pr\u00e9sident du Syndicat Mixte<\/figcaption><\/figure>\n<figure id=\"attachment_3247\" aria-describedby=\"caption-attachment-3247\" style=\"width: 300px\" class=\"wp-caption alignnone\"><img loading=\"lazy\" decoding=\"async\" class=\"wp-image-3248 size-medium\" src=\"https:\/\/grandsite-capserquyfrehel.com\/wp-content\/uploads\/2018\/12\/GrandSiteCasErquyFrehel_Dec2018-2-300x174.jpg\" alt=\"\" width=\"300\" height=\"174\" srcset=\"https:\/\/grandsite-capserquyfrehel.com\/wp-content\/uploads\/2018\/12\/GrandSiteCasErquyFrehel_Dec2018-2-300x174.jpg 300w, https:\/\/grandsite-capserquyfrehel.com\/wp-content\/uploads\/2018\/12\/GrandSiteCasErquyFrehel_Dec2018-2-768x446.jpg 768w, https:\/\/grandsite-capserquyfrehel.com\/wp-content\/uploads\/2018\/12\/GrandSiteCasErquyFrehel_Dec2018-2-1024x595.jpg 1024w, https:\/\/grandsite-capserquyfrehel.com\/wp-content\/uploads\/2018\/12\/GrandSiteCasErquyFrehel_Dec2018-2-1320x767.jpg 1320w, https:\/\/grandsite-capserquyfrehel.com\/wp-content\/uploads\/2018\/12\/GrandSiteCasErquyFrehel_Dec2018-2.jpg 1920w\" sizes=\"auto, (max-width: 300px) 100vw, 300px\" \/><figcaption id=\"caption-attachment-3247\" class=\"wp-caption-text\">L&#8217;\u00e9quipe du Syndicat Mixte<\/figcaption><\/figure>\n<p>&nbsp;<\/p>\n<h3>Coordination of Operation Grand Site<\/h3>\n<p><img loading=\"lazy\" decoding=\"async\" class=\"wp-image-1642 alignleft\" src=\"https:\/\/grandsite-capserquyfrehel.com\/wp-content\/uploads\/2018\/06\/CelineLELIEVRE.png\" alt=\"\" width=\"181\" height=\"177\" srcset=\"https:\/\/grandsite-capserquyfrehel.com\/wp-content\/uploads\/2018\/06\/CelineLELIEVRE.png 320w, https:\/\/grandsite-capserquyfrehel.com\/wp-content\/uploads\/2018\/06\/CelineLELIEVRE-300x293.png 300w\" sizes=\"auto, (max-width: 181px) 100vw, 181px\" \/><\/p>\n<p>&nbsp;<\/p>\n<p><strong>LELIEVRE C\u00e9line<\/strong><\/p>\n<p>Directrice, elle coordonne la D\u00e9marche Grand Site en lien \u00e9troit avec les \u00e9lus. Elle est garante du bon fonctionnement de la structure, en lien avec le Pr\u00e9sident.<\/p>\n<p><u>Contact<\/u>\u00a0: <a href=\"mailto:sdc.direction@orange.fr\">sdc.direction@orange.fr<\/a><\/p>\n<p>&nbsp;<\/p>\n<p><img loading=\"lazy\" decoding=\"async\" class=\"wp-image-1650 alignleft\" src=\"https:\/\/grandsite-capserquyfrehel.com\/wp-content\/uploads\/2018\/06\/JulieVERRE.png\" alt=\"\" width=\"193\" height=\"171\" srcset=\"https:\/\/grandsite-capserquyfrehel.com\/wp-content\/uploads\/2018\/06\/JulieVERRE.png 333w, https:\/\/grandsite-capserquyfrehel.com\/wp-content\/uploads\/2018\/06\/JulieVERRE-300x267.png 300w\" sizes=\"auto, (max-width: 193px) 100vw, 193px\" \/><\/p>\n<p>&nbsp;<\/p>\n<p><strong>VERRE Julie<\/strong><\/p>\n<p>Charg\u00e9e de mission de l\u2019Op\u00e9ration Grand Site, elle met en \u0153uvre les actions en lien avec l\u2019obtention du label \u00ab\u00a0Grand Site de France\u00a0\u00bb.<\/p>\n<p><u>Contact<\/u>\u00a0: <a href=\"mailto:sdc.actionsgrandsite@orange.fr\">sdc.actionsgrandsite@orange.fr<\/a><\/p>\n<p>&nbsp;<\/p>\n<p>&nbsp;<\/p>\n<h3>Animation of teh Natura 2000 device<\/h3>\n<p><img loading=\"lazy\" decoding=\"async\" class=\"wp-image-1658 alignleft\" style=\"font-style: normal; font-weight: 400; line-height: 25.2px; color: #555555;\" src=\"https:\/\/grandsite-capserquyfrehel.com\/wp-content\/uploads\/2018\/06\/PhilippeQUERE.png\" alt=\"\" width=\"195\" height=\"179\" srcset=\"https:\/\/grandsite-capserquyfrehel.com\/wp-content\/uploads\/2018\/06\/PhilippeQUERE.png 320w, https:\/\/grandsite-capserquyfrehel.com\/wp-content\/uploads\/2018\/06\/PhilippeQUERE-300x275.png 300w\" sizes=\"auto, (max-width: 195px) 100vw, 195px\" \/><\/p>\n<p>&nbsp;<\/p>\n<p><strong>QUERE Phillipe<\/strong><\/p>\n<p>Animateur Natura 2000, il participe \u00e0 la conservation et au maintien des habitats et esp\u00e8ces remarquables via la mise en place de contrats Natura 2000, dispositif europ\u00e9en.<\/p>\n<p><u>Contact<\/u>\u00a0: <a href=\"mailto:sdc.natura2000@wanadoo.fr\">sdc.natura2000@wanadoo.fr<\/a><\/p>\n<p>&nbsp;<\/p>\n<p>&nbsp;<\/p>\n<h3>Environmental Education<\/h3>\n<p><img loading=\"lazy\" decoding=\"async\" class=\"wp-image-2832 alignleft\" src=\"https:\/\/grandsite-capserquyfrehel.com\/wp-content\/uploads\/2018\/09\/JEanne.jpg\" alt=\"\" width=\"181\" height=\"189\" \/><\/p>\n<p>&nbsp;<\/p>\n<p><strong>GODLIN Jeanne<\/strong><\/p>\n<p style=\"text-align: justify;\">Animatrice Nature, elle imagine, cr\u00e9e et r\u00e9alise diff\u00e9rents projets d\u2019animations pour des publics vari\u00e9s. Elle g\u00e8re les r\u00e9servations de groupes.<\/p>\n<p><u>Contact<\/u>\u00a0: <a href=\"mailto:sdc.animateur@wanadoo.fr\">sdc.animateur@wanadoo.fr<\/a><\/p>\n<p>&nbsp;<\/p>\n<p><img loading=\"lazy\" decoding=\"async\" class=\"wp-image-1638 alignleft\" src=\"https:\/\/grandsite-capserquyfrehel.com\/wp-content\/uploads\/2018\/06\/AurelienGUIBERT.png\" alt=\"\" width=\"187\" height=\"181\" srcset=\"https:\/\/grandsite-capserquyfrehel.com\/wp-content\/uploads\/2018\/06\/AurelienGUIBERT.png 302w, https:\/\/grandsite-capserquyfrehel.com\/wp-content\/uploads\/2018\/06\/AurelienGUIBERT-300x291.png 300w\" sizes=\"auto, (max-width: 187px) 100vw, 187px\" \/><\/p>\n<p>&nbsp;<\/p>\n<p><strong>GUIBERT Aur\u00e9lien<\/strong><\/p>\n<p>Animateur Nature, il imagine, cr\u00e9e et r\u00e9alise diff\u00e9rents projets d\u2019animations pour des publics vari\u00e9s. Il est en charge de l\u2019observatoire de l&#8217;activit\u00e9 de p\u00eache \u00e0 pied de loisir sur le territoire des Caps.<\/p>\n<p><u>Contact<\/u>\u00a0: <a href=\"mailto:sdc.animateur@wanadoo.fr\">sdc.animateur@wanadoo.fr<\/a><\/p>\n<p>&nbsp;<\/p>\n<p><img loading=\"lazy\" decoding=\"async\" class=\"wp-image-1654 alignleft\" style=\"font-style: normal; font-weight: 400; line-height: 25.2px; color: #555555;\" src=\"https:\/\/grandsite-capserquyfrehel.com\/wp-content\/uploads\/2018\/06\/MarionDAVID.png\" alt=\"\" width=\"176\" height=\"172\" \/><\/p>\n<p>&nbsp;<\/p>\n<p><strong>DAVID-MEFFRE Marion<\/strong><\/p>\n<p>Animatrice Nature, elle imagine, cr\u00e9e et r\u00e9alise diff\u00e9rents projets d\u2019animations pour des publics vari\u00e9s. Elle est \u00e9galement en charge de la communication de la structure.<\/p>\n<p><u>Contact<\/u>\u00a0: <a href=\"mailto:sdc.animateur@wanadoo.fr\">sdc.animateur@wanadoo.fr<\/a><\/p>\n<p>&nbsp;<\/p>\n<p>&nbsp;<\/p>\n<h3>Secretariat \/ Reception and Assitance to the various missions<\/h3>\n<p><img loading=\"lazy\" decoding=\"async\" class=\"wp-image-1646 alignleft\" src=\"https:\/\/grandsite-capserquyfrehel.com\/wp-content\/uploads\/2018\/06\/DianeBLANC.png\" alt=\"\" width=\"169\" height=\"166\" \/><\/p>\n<p>&nbsp;<\/p>\n<p><strong>Di Pasqual-Blanc Diane<\/strong><\/p>\n<p>Assistante de direction, elle s\u2019occupe de la comptabilit\u00e9, de l\u2019accueil et accompagne l\u2019\u00e9quipe dans ses diff\u00e9rentes missions.<\/p>\n<p><u>Contact<\/u>\u00a0: <a href=\"mailto:sdc.secretariat@wanadoo.fr\">sdc.secretariat@wanadoo.fr<\/a><\/p>\n<p>&nbsp;<\/p>\n<p>&nbsp;<\/p>\n","protected":false},"excerpt":{"rendered":"<p>The \u201cSyndicat Mixte\u201d is chaired by Mr Yannick Morin, departmental adviser. A joint committee, composed of representatives of the Department and the two communities, is supported by another panel, including the four mayors of the \u201cGrand Site\u201d, i.e. Erquy, Plurien, Fr\u00e9hel, and Brady. The \u201cSyndicat Mixte\u201d is headed by Madame C\u00e9line Lelievre, who works with [&hellip;]<\/p>\n","protected":false},"author":2,"featured_media":8537,"parent":311,"menu_order":72,"comment_status":"closed","ping_status":"closed","template":"","meta":{"_acf_changed":false,"_exactmetrics_skip_tracking":false,"_exactmetrics_sitenote_active":false,"_exactmetrics_sitenote_note":"","_exactmetrics_sitenote_category":0,"_monsterinsights_skip_tracking":false,"_monsterinsights_sitenote_active":false,"_monsterinsights_sitenote_note":"","_monsterinsights_sitenote_category":0,"footnotes":""},"class_list":["post-3420","page","type-page","status-publish","has-post-thumbnail","hentry"],"acf":[],"_links":{"self":[{"href":"https:\/\/grandsite-capserquyfrehel.com\/en\/wp-json\/wp\/v2\/pages\/3420","targetHints":{"allow":["GET"]}}],"collection":[{"href":"https:\/\/grandsite-capserquyfrehel.com\/en\/wp-json\/wp\/v2\/pages"}],"about":[{"href":"https:\/\/grandsite-capserquyfrehel.com\/en\/wp-json\/wp\/v2\/types\/page"}],"author":[{"embeddable":true,"href":"https:\/\/grandsite-capserquyfrehel.com\/en\/wp-json\/wp\/v2\/users\/2"}],"replies":[{"embeddable":true,"href":"https:\/\/grandsite-capserquyfrehel.com\/en\/wp-json\/wp\/v2\/comments?post=3420"}],"version-history":[{"count":3,"href":"https:\/\/grandsite-capserquyfrehel.com\/en\/wp-json\/wp\/v2\/pages\/3420\/revisions"}],"predecessor-version":[{"id":3423,"href":"https:\/\/grandsite-capserquyfrehel.com\/en\/wp-json\/wp\/v2\/pages\/3420\/revisions\/3423"}],"up":[{"embeddable":true,"href":"https:\/\/grandsite-capserquyfrehel.com\/en\/wp-json\/wp\/v2\/pages\/311"}],"wp:featuredmedia":[{"embeddable":true,"href":"https:\/\/grandsite-capserquyfrehel.com\/en\/wp-json\/wp\/v2\/media\/8537"}],"wp:attachment":[{"href":"https:\/\/grandsite-capserquyfrehel.com\/en\/wp-json\/wp\/v2\/media?parent=3420"}],"curies":[{"name":"wp","href":"https:\/\/api.w.org\/{rel}","templated":true}]}}